{"id":146,"date":"2023-04-03T18:25:01","date_gmt":"2023-04-03T22:25:01","guid":{"rendered":"https:\/\/consmaracaibo.esteri.it\/news\/"},"modified":"2023-05-11T11:41:22","modified_gmt":"2023-05-11T15:41:22","slug":"news","status":"publish","type":"page","link":"https:\/\/consmaracaibo.esteri.it\/es\/news\/","title":{"rendered":"Noticias"},"content":{"rendered":"        <div class=\"row\">\n\t\t\t<!-- Ricerca sedi post -->\n\t\t\t<div class=\"col-12 mt-4\">\n\t\t\t  <div class=\"callout callout-highlight note ricerca-esteri p-4\">\n                    <div class=\"callout-title\">\n                        <svg class=\"icon\">\n                            <use xlink:href=\"https:\/\/consmaracaibo.esteri.it\/wp-content\/themes\/sedi-tema\/assets\/svg\/sprites.svg#it-search\"><\/use>\n                        <\/svg>Introduzca sus par\u00e1metros de b\u00fasqueda                    <\/div>\n                    <form id=\"searchFormPost\" name=\"form-search-post\" class=\"form-row align-items-center\" action=\"https:\/\/consmaracaibo.esteri.it\/es\/wp-json\/wp\/v2\/pages\/146\/\" method=\"GET\"> \n                        <!-- <div class=\"form-group pt-5\"> -->\n                            <!-- <input type=\"hidden\" id=\"lang\" name=\"lang\" value=\"\"> --> <!-- <\/div> -->\n\n                        <div class=\"it-datepicker-wrapper\">\n                            <div class=\"row\">\n                                <div class=\"form-group col-md-6\">\n                                    <label class=\"active\" for=\"date-init\">Desde el<\/label>\n                                    <input class=\"form-control\" name=\"date-init\" id=\"date-init\" type=\"date\" placeholder=\"gg\/mm\/aaaa\" value=\"\"lang=\"en-EN\">  \n                                <\/div>\n                                <div class=\"form-group col-md-6\">\n                                    <label class=\"active\" for=\"date-end\">Hasta el<\/label>\n                                    <input class=\"form-control\" name=\"date-end\" id=\"date-end\" type=\"date\" placeholder=\"gg\/mm\/aaaa\" value=\"\">\n                                <\/div>\n                            <\/div>\n                        <\/div>\n                        <div class=\"form-group col-md-12 mt-3\">\n                            <label for=\"searchText\">Campo de b\u00fasqueda libre<\/label>\n                            <input type=\"text\" name=\"searchText\" class=\"form-control\" id=\"searchText\" value=\"\">\n                        <\/div>\n                        <div class=\"form-group col-md-4 offset-md-8 text-end\">\n                            <a href=\"https:\/\/consmaracaibo.esteri.it\/es\/news\/\" title=\"Form reset\" id=\"resetImput\" class=\"btn btn-outline-primary btn-xs\">Reset<\/a>\n                            <button type=\"submit\" class=\"btn btn-primary btn-xs\">Mostrar resultados<\/button>\n                        <\/div>\n                    <\/form>\n\t\t\t\t<\/div>\n\t\t\t<\/div>\n\t\t<\/div>\n                    \n            <div class=\"row\">\n                            <div class=\"col-12 mt-3\">\n                <!--start card-->\n                <div class=\"card-wrapper card-space\">\n                    <div class=\"card card-bg card-big border-bottom-card\">\n                        <div class=\"card-body \">\n                                                        <div class=\"category-top\">\n                                                                                                            <span class=\"\">\n                                        <svg class=\"icon icon-secondary\">\n                                            <use xlink:href=\"https:\/\/consmaracaibo.esteri.it\/wp-content\/themes\/sedi-tema\/assets\/svg\/sprites.svg#it-calendar\"><\/use>\n                                        <\/svg> 3 septiembre 2026                                    <\/span>\n                                                                    <\/div>\n                            <h5 class=\"card-title big-heading text-uppercase\"><a class=\"text-body text-decoration-none\" href=\"https:\/\/consmaracaibo.esteri.it\/es\/news\/dal_consolato\/2026\/09\/indizione-elezioni-comites-di-maracaibo\/\" title=\"INDIZIONE ELEZIONI COMITES DI MARACAIBO\">INDIZIONE ELEZIONI COMITES DI MARACAIBO<\/a><\/h5>\n                            <p class=\"card-text\">Con Decreto consolare del Capo dell\u2019Ufficio consolare di Maracaibo sono indette le elezioni per l\u2019istituzione e il rinnovo del Comitato degli Italiani all\u2019estero di Maracaibo. La data delle elezioni \u00e8 fissata al 4 dicembre 2026. Tale data corrisponde all\u2019ultimo giorno utile per far pervenire all\u2019ufficio consolare la busta contenente la propria scheda elettorale votata. Per [&hellip;]<\/p>\n                                <a title=\"INDIZIONE ELEZIONI COMITES DI MARACAIBO\" class=\"read-more\" href=\"https:\/\/consmaracaibo.esteri.it\/es\/news\/dal_consolato\/2026\/09\/indizione-elezioni-comites-di-maracaibo\/\">\n                                    <span class=\"text\">Lee mas<\/span>\n                                    <svg class=\"icon\">\n                                    <use xlink:href=\"https:\/\/consmaracaibo.esteri.it\/wp-content\/themes\/sedi-tema\/assets\/svg\/sprites.svg#it-arrow-right\"><\/use>\n                                    <\/svg>\n                                <\/a>\n                                                    <\/div>\n                    <\/div>\n                <\/div>\n                <!--end card-->\n                <\/div><!-- col-12 .mt-3-->\n                            <div class=\"col-12 mt-3\">\n                <!--start card-->\n                <div class=\"card-wrapper card-space\">\n                    <div class=\"card card-bg card-big border-bottom-card\">\n                        <div class=\"card-body \">\n                                                        <div class=\"category-top\">\n                                                                                                            <span class=\"\">\n                                        <svg class=\"icon icon-secondary\">\n                                            <use xlink:href=\"https:\/\/consmaracaibo.esteri.it\/wp-content\/themes\/sedi-tema\/assets\/svg\/sprites.svg#it-calendar\"><\/use>\n                                        <\/svg> 17 agosto 2026                                    <\/span>\n                                                                    <\/div>\n                            <h5 class=\"card-title big-heading text-uppercase\"><a class=\"text-body text-decoration-none\" href=\"https:\/\/consmaracaibo.esteri.it\/es\/news\/dal_consolato\/2026\/08\/elecciones-com-it-es-2026-modalidades-para-solicitar-la-inscripcion-en-el-censo-electoral\/\" title=\"Elecciones Com.It.Es. 2026 \u2013 Modalidades para solicitar la inscripci\u00f3n en el censo electoral\">Elecciones Com.It.Es. 2026 \u2013 Modalidades para solicitar la inscripci\u00f3n en el censo electoral<\/a><\/h5>\n                            <p class=\"card-text\">Las elecciones para la renovaci\u00f3n y constituci\u00f3n de los COMITES se celebrar\u00e1n antes de finales de 2026. Los Comit\u00e9s de los italianos en el exterior son \u00f3rganos de representaci\u00f3n de la colectividad italiana en sus relaciones con las representaciones diplom\u00e1tico-consulares y trabajan para la integraci\u00f3n de la comunidad italiana residente en el pa\u00eds extranjero en [&hellip;]<\/p>\n                                <a title=\"Elecciones Com.It.Es. 2026 \u2013 Modalidades para solicitar la inscripci\u00f3n en el censo electoral\" class=\"read-more\" href=\"https:\/\/consmaracaibo.esteri.it\/es\/news\/dal_consolato\/2026\/08\/elecciones-com-it-es-2026-modalidades-para-solicitar-la-inscripcion-en-el-censo-electoral\/\">\n                                    <span class=\"text\">Lee mas<\/span>\n                                    <svg class=\"icon\">\n                                    <use xlink:href=\"https:\/\/consmaracaibo.esteri.it\/wp-content\/themes\/sedi-tema\/assets\/svg\/sprites.svg#it-arrow-right\"><\/use>\n                                    <\/svg>\n                                <\/a>\n                                                    <\/div>\n                    <\/div>\n                <\/div>\n                <!--end card-->\n                <\/div><!-- col-12 .mt-3-->\n                            <div class=\"col-12 mt-3\">\n                <!--start card-->\n                <div class=\"card-wrapper card-space\">\n                    <div class=\"card card-bg card-big border-bottom-card\">\n                        <div class=\"card-body \">\n                                                        <div class=\"category-top\">\n                                                                                                            <span class=\"\">\n                                        <svg class=\"icon icon-secondary\">\n                                            <use xlink:href=\"https:\/\/consmaracaibo.esteri.it\/wp-content\/themes\/sedi-tema\/assets\/svg\/sprites.svg#it-calendar\"><\/use>\n                                        <\/svg> 23 julio 2026                                    <\/span>\n                                                                    <\/div>\n                            <h5 class=\"card-title big-heading text-uppercase\"><a class=\"text-body text-decoration-none\" href=\"https:\/\/consmaracaibo.esteri.it\/es\/news\/dal_consolato\/2026\/07\/elezioni-dei-comites-2026\/\" title=\"Elezioni dei COMITES 2026\">Elezioni dei COMITES 2026<\/a><\/h5>\n                            <p class=\"card-text\">Nel 2026 avranno luogo le elezioni per il per il rinnovo dei Comitati degli Italiani all\u2019Estero (Com.It.Es).\u00a0 I Com.It.Es. sono organismi che rappresentano i connazionali all\u2019estero nei rapporti con Ambasciate e Consolati e ne favoriscono l\u2019integrazione. Hanno inoltre il compito di preservare la memoria storica dell\u2019emigrazione italiana e valorizzare il contributo italiano nelle societ\u00e0 in [&hellip;]<\/p>\n                                <a title=\"Elezioni dei COMITES 2026\" class=\"read-more\" href=\"https:\/\/consmaracaibo.esteri.it\/es\/news\/dal_consolato\/2026\/07\/elezioni-dei-comites-2026\/\">\n                                    <span class=\"text\">Lee mas<\/span>\n                                    <svg class=\"icon\">\n                                    <use xlink:href=\"https:\/\/consmaracaibo.esteri.it\/wp-content\/themes\/sedi-tema\/assets\/svg\/sprites.svg#it-arrow-right\"><\/use>\n                                    <\/svg>\n                                <\/a>\n                                                    <\/div>\n                    <\/div>\n                <\/div>\n                <!--end card-->\n                <\/div><!-- col-12 .mt-3-->\n                            <div class=\"col-12 mt-3\">\n                <!--start card-->\n                <div class=\"card-wrapper card-space\">\n                    <div class=\"card card-bg card-big border-bottom-card\">\n                        <div class=\"card-body \">\n                                                        <div class=\"category-top\">\n                                                                                                            <span class=\"\">\n                                        <svg class=\"icon icon-secondary\">\n                                            <use xlink:href=\"https:\/\/consmaracaibo.esteri.it\/wp-content\/themes\/sedi-tema\/assets\/svg\/sprites.svg#it-calendar\"><\/use>\n                                        <\/svg> 29 junio 2026                                    <\/span>\n                                                                    <\/div>\n                            <h5 class=\"card-title big-heading text-uppercase\"><a class=\"text-body text-decoration-none\" href=\"https:\/\/consmaracaibo.esteri.it\/es\/news\/dal_consolato\/2026\/06\/emergencia-terremoto-en-venezuela\/\" title=\"EMERGENCIA TERREMOTO EN VENEZUELA\">EMERGENCIA TERREMOTO EN VENEZUELA<\/a><\/h5>\n                            <p class=\"card-text\">Los terremotos del pasado 24 de junio nos han dejado profundamente impactados. La Embajada de Italia expresa su cercan\u00eda y solidaridad al pueblo venezolano y participa en los esfuerzos de socorro y asistencia ofrecidos por Italia: Tres equipos, integrados por m\u00e1s de un centenar de expertos, coordinados por la Protecci\u00f3n Civil, con la participaci\u00f3n de [&hellip;]<\/p>\n                                <a title=\"EMERGENCIA TERREMOTO EN VENEZUELA\" class=\"read-more\" href=\"https:\/\/consmaracaibo.esteri.it\/es\/news\/dal_consolato\/2026\/06\/emergencia-terremoto-en-venezuela\/\">\n                                    <span class=\"text\">Lee mas<\/span>\n                                    <svg class=\"icon\">\n                                    <use xlink:href=\"https:\/\/consmaracaibo.esteri.it\/wp-content\/themes\/sedi-tema\/assets\/svg\/sprites.svg#it-arrow-right\"><\/use>\n                                    <\/svg>\n                                <\/a>\n                                                    <\/div>\n                    <\/div>\n                <\/div>\n                <!--end card-->\n                <\/div><!-- col-12 .mt-3-->\n                            <div class=\"col-12 mt-3\">\n                <!--start card-->\n                <div class=\"card-wrapper card-space\">\n                    <div class=\"card card-bg card-big border-bottom-card\">\n                        <div class=\"card-body \">\n                                                        <div class=\"category-top\">\n                                                                                                            <span class=\"\">\n                                        <svg class=\"icon icon-secondary\">\n                                            <use xlink:href=\"https:\/\/consmaracaibo.esteri.it\/wp-content\/themes\/sedi-tema\/assets\/svg\/sprites.svg#it-calendar\"><\/use>\n                                        <\/svg> 23 junio 2026                                    <\/span>\n                                                                    <\/div>\n                            <h5 class=\"card-title big-heading text-uppercase\"><a class=\"text-body text-decoration-none\" href=\"https:\/\/consmaracaibo.esteri.it\/es\/news\/dal_consolato\/2026\/06\/bando-2026-2027-di-regione-lombardia-per-il-cofinanziamento-delle-attivita-realizzate-a-favore-dei-lombardi-nel-mondo-e-della-loro-mobilita\/\" title=\"Bando 2026-2027 di Regione Lombardia per il cofinanziamento delle attivit\u00e0 realizzate a favore dei lombardi nel mondo e della loro mobilit\u00e0\">Bando 2026-2027 di Regione Lombardia per il cofinanziamento delle attivit\u00e0 realizzate a favore dei lombardi nel mondo e della loro mobilit\u00e0<\/a><\/h5>\n                            <p class=\"card-text\">\u00c8 stato pubblicato il \u201cBando 2026-2027 per il cofinanziamento delle attivit\u00e0 realizzate a favore dei lombardi nel mondo e della loro mobilit\u00e0\u201d di Regione Lombardia. La misura, nello spirito della legge regionale n. 9\/2024 \u2018Norme per il sostegno e la valorizzazione dei Lombardi nel mondo e della relativa mobilit\u00e0 internazionale\u201d, sostiene le iniziative a favore [&hellip;]<\/p>\n                                <a title=\"Bando 2026-2027 di Regione Lombardia per il cofinanziamento delle attivit\u00e0 realizzate a favore dei lombardi nel mondo e della loro mobilit\u00e0\" class=\"read-more\" href=\"https:\/\/consmaracaibo.esteri.it\/es\/news\/dal_consolato\/2026\/06\/bando-2026-2027-di-regione-lombardia-per-il-cofinanziamento-delle-attivita-realizzate-a-favore-dei-lombardi-nel-mondo-e-della-loro-mobilita\/\">\n                                    <span class=\"text\">Lee mas<\/span>\n                                    <svg class=\"icon\">\n                                    <use xlink:href=\"https:\/\/consmaracaibo.esteri.it\/wp-content\/themes\/sedi-tema\/assets\/svg\/sprites.svg#it-arrow-right\"><\/use>\n                                    <\/svg>\n                                <\/a>\n                                                    <\/div>\n                    <\/div>\n                <\/div>\n                <!--end card-->\n                <\/div><!-- col-12 .mt-3-->\n                            <div class=\"col-12 mt-3\">\n                <!--start card-->\n                <div class=\"card-wrapper card-space\">\n                    <div class=\"card card-bg card-big border-bottom-card\">\n                        <div class=\"card-body \">\n                                                        <div class=\"category-top\">\n                                                                                                            <span class=\"\">\n                                        <svg class=\"icon icon-secondary\">\n                                            <use xlink:href=\"https:\/\/consmaracaibo.esteri.it\/wp-content\/themes\/sedi-tema\/assets\/svg\/sprites.svg#it-calendar\"><\/use>\n                                        <\/svg> 8 junio 2026                                    <\/span>\n                                                                    <\/div>\n                            <h5 class=\"card-title big-heading text-uppercase\"><a class=\"text-body text-decoration-none\" href=\"https:\/\/consmaracaibo.esteri.it\/es\/news\/dal_consolato\/2026\/06\/conferenza-dei-consoli-ditalia-nel-mondo\/\" title=\"Conferenza dei Consoli d\u2019Italia nel mondo\">Conferenza dei Consoli d\u2019Italia nel mondo<\/a><\/h5>\n                            <p class=\"card-text\">Hai una domanda per i Consoli italiani? Alla Conferenza dei Consoli d\u2019Italia nel mondo (12-13 giugno), daremo voce alla comunit\u00e0 italiana all\u2019estero! Scrivi a consoli2026@esteri.it inviando le tue domande o esigenze. Quali servizi ritieni prioritari? Cosa miglioreresti? Quali domande vuoi far arrivare ai Consoli d\u2019Italia? Risponderemo a tutte le vostre domande. Alcuni contributi selezionati saranno [&hellip;]<\/p>\n                                <a title=\"Conferenza dei Consoli d\u2019Italia nel mondo\" class=\"read-more\" href=\"https:\/\/consmaracaibo.esteri.it\/es\/news\/dal_consolato\/2026\/06\/conferenza-dei-consoli-ditalia-nel-mondo\/\">\n                                    <span class=\"text\">Lee mas<\/span>\n                                    <svg class=\"icon\">\n                                    <use xlink:href=\"https:\/\/consmaracaibo.esteri.it\/wp-content\/themes\/sedi-tema\/assets\/svg\/sprites.svg#it-arrow-right\"><\/use>\n                                    <\/svg>\n                                <\/a>\n                                                    <\/div>\n                    <\/div>\n                <\/div>\n                <!--end card-->\n                <\/div><!-- col-12 .mt-3-->\n                            <div class=\"col-12 mt-3\">\n                <!--start card-->\n                <div class=\"card-wrapper card-space\">\n                    <div class=\"card card-bg card-big border-bottom-card\">\n                        <div class=\"card-body \">\n                                                        <div class=\"category-top\">\n                                                                                                            <span class=\"\">\n                                        <svg class=\"icon icon-secondary\">\n                                            <use xlink:href=\"https:\/\/consmaracaibo.esteri.it\/wp-content\/themes\/sedi-tema\/assets\/svg\/sprites.svg#it-calendar\"><\/use>\n                                        <\/svg> 25 mayo 2026                                    <\/span>\n                                                                    <\/div>\n                            <h5 class=\"card-title big-heading text-uppercase\"><a class=\"text-body text-decoration-none\" href=\"https:\/\/consmaracaibo.esteri.it\/es\/news\/dal_consolato\/2026\/05\/luiss-business-school-aperte-le-candidature-per-borse-di-studio-per-studentesse-e-studenti-internazionali-a-a-2026-2027\/\" title=\"Luiss Business School: Aperte le candidature per borse di studio per studentesse e studenti internazionali a.a. 2026\/2027\">Luiss Business School: Aperte le candidature per borse di studio per studentesse e studenti internazionali a.a. 2026\/2027<\/a><\/h5>\n                            <p class=\"card-text\">Si segnala un\u2019importante iniziativa promossa dalla\u00a0Luiss Business School. Si tratta di un bando per\u00a020 borse di studio, di cui una quota riservata a studenti internazionali, per frequentare il\u00a0Master in Business Administration. Le borse di studio sono rivolte a studenti che dimostrino\u00a0eccellenza accademica e merito professionale. La scadenza per presentare le domande \u00e8 fissata al\u00a015 giugno [&hellip;]<\/p>\n                                <a title=\"Luiss Business School: Aperte le candidature per borse di studio per studentesse e studenti internazionali a.a. 2026\/2027\" class=\"read-more\" href=\"https:\/\/consmaracaibo.esteri.it\/es\/news\/dal_consolato\/2026\/05\/luiss-business-school-aperte-le-candidature-per-borse-di-studio-per-studentesse-e-studenti-internazionali-a-a-2026-2027\/\">\n                                    <span class=\"text\">Lee mas<\/span>\n                                    <svg class=\"icon\">\n                                    <use xlink:href=\"https:\/\/consmaracaibo.esteri.it\/wp-content\/themes\/sedi-tema\/assets\/svg\/sprites.svg#it-arrow-right\"><\/use>\n                                    <\/svg>\n                                <\/a>\n                                                    <\/div>\n                    <\/div>\n                <\/div>\n                <!--end card-->\n                <\/div><!-- col-12 .mt-3-->\n                            <div class=\"col-12 mt-3\">\n                <!--start card-->\n                <div class=\"card-wrapper card-space\">\n                    <div class=\"card card-bg card-big border-bottom-card\">\n                        <div class=\"card-body \">\n                                                        <div class=\"category-top\">\n                                                                                                            <span class=\"\">\n                                        <svg class=\"icon icon-secondary\">\n                                            <use xlink:href=\"https:\/\/consmaracaibo.esteri.it\/wp-content\/themes\/sedi-tema\/assets\/svg\/sprites.svg#it-calendar\"><\/use>\n                                        <\/svg> 25 mayo 2026                                    <\/span>\n                                                                    <\/div>\n                            <h5 class=\"card-title big-heading text-uppercase\"><a class=\"text-body text-decoration-none\" href=\"https:\/\/consmaracaibo.esteri.it\/es\/news\/dal_consolato\/2026\/05\/suspension-de-servicios-consulares-los-dias-27-y-28-de-mayo-de-2026\/\" title=\"Suspensi\u00f3n de servicios  consulares  los d\u00edas 27 y 28 de mayo de 2026\">Suspensi\u00f3n de servicios  consulares  los d\u00edas 27 y 28 de mayo de 2026<\/a><\/h5>\n                            <p class=\"card-text\">El Consulado de Italia en Maracaibo informa a los usuarios que, debido a actualizaciones en los sistemas inform\u00e1ticos, durante los d\u00edas\u00a027 y 28 de mayo\u00a0pr\u00f3ximos se suspender\u00e1n algunos servicios consulares. A partir del\u00a0viernes 29 de mayo de 2026, la atenci\u00f3n del p\u00fablico se reanudar\u00e1 con normalidad.<\/p>\n                                <a title=\"Suspensi\u00f3n de servicios  consulares  los d\u00edas 27 y 28 de mayo de 2026\" class=\"read-more\" href=\"https:\/\/consmaracaibo.esteri.it\/es\/news\/dal_consolato\/2026\/05\/suspension-de-servicios-consulares-los-dias-27-y-28-de-mayo-de-2026\/\">\n                                    <span class=\"text\">Lee mas<\/span>\n                                    <svg class=\"icon\">\n                                    <use xlink:href=\"https:\/\/consmaracaibo.esteri.it\/wp-content\/themes\/sedi-tema\/assets\/svg\/sprites.svg#it-arrow-right\"><\/use>\n                                    <\/svg>\n                                <\/a>\n                                                    <\/div>\n                    <\/div>\n                <\/div>\n                <!--end card-->\n                <\/div><!-- col-12 .mt-3-->\n                            <div class=\"col-12 mt-3\">\n                <!--start card-->\n                <div class=\"card-wrapper card-space\">\n                    <div class=\"card card-bg card-big border-bottom-card\">\n                        <div class=\"card-body \">\n                                                        <div class=\"category-top\">\n                                                                                                            <span class=\"\">\n                                        <svg class=\"icon icon-secondary\">\n                                            <use xlink:href=\"https:\/\/consmaracaibo.esteri.it\/wp-content\/themes\/sedi-tema\/assets\/svg\/sprites.svg#it-calendar\"><\/use>\n                                        <\/svg> 21 mayo 2026                                    <\/span>\n                                                                    <\/div>\n                            <h5 class=\"card-title big-heading text-uppercase\"><a class=\"text-body text-decoration-none\" href=\"https:\/\/consmaracaibo.esteri.it\/es\/news\/dal_consolato\/2026\/05\/cnel-questionario-giovani-expat\/\" title=\"CNEL \u2013 questionario \u201cGiovani Expat\u201d\">CNEL \u2013 questionario \u201cGiovani Expat\u201d<\/a><\/h5>\n                            <p class=\"card-text\">Il Consiglio Nazionale dell\u2019Economia e del Lavoro (CNEL) ha di recente avviato l\u2019iniziativa\u00a0\u201cGiovani Expat: diamo voce ai protagonisti del cambiamento\u201d, volta a raccogliere le testimonianze dei giovani italiani tra i 18 e i 35 anni che studiano o lavorano all\u2019estero. L\u2019iniziativa consta nella\u00a0compilazione, da parte degli interessati, di un questionario online della durata di 5 [&hellip;]<\/p>\n                                <a title=\"CNEL \u2013 questionario \u201cGiovani Expat\u201d\" class=\"read-more\" href=\"https:\/\/consmaracaibo.esteri.it\/es\/news\/dal_consolato\/2026\/05\/cnel-questionario-giovani-expat\/\">\n                                    <span class=\"text\">Lee mas<\/span>\n                                    <svg class=\"icon\">\n                                    <use xlink:href=\"https:\/\/consmaracaibo.esteri.it\/wp-content\/themes\/sedi-tema\/assets\/svg\/sprites.svg#it-arrow-right\"><\/use>\n                                    <\/svg>\n                                <\/a>\n                                                    <\/div>\n                    <\/div>\n                <\/div>\n                <!--end card-->\n                <\/div><!-- col-12 .mt-3-->\n                            <div class=\"col-12 mt-3\">\n                <!--start card-->\n                <div class=\"card-wrapper card-space\">\n                    <div class=\"card card-bg card-big border-bottom-card\">\n                        <div class=\"card-body \">\n                                                        <div class=\"category-top\">\n                                                                                                            <span class=\"\">\n                                        <svg class=\"icon icon-secondary\">\n                                            <use xlink:href=\"https:\/\/consmaracaibo.esteri.it\/wp-content\/themes\/sedi-tema\/assets\/svg\/sprites.svg#it-calendar\"><\/use>\n                                        <\/svg> 14 mayo 2026                                    <\/span>\n                                                                    <\/div>\n                            <h5 class=\"card-title big-heading text-uppercase\"><a class=\"text-body text-decoration-none\" href=\"https:\/\/consmaracaibo.esteri.it\/es\/news\/dal_consolato\/2026\/05\/aviso-publico-de-oferta-de-esponsorizacion-para-la-realizacion-de-la-fiesta-de-la-republica\/\" title=\"AVISO P\u00daBLICO DE OFERTA DE ESPONSORIZACI\u00d3N PARA LA REALIZACI\u00d3N DE LA FIESTA DE LA REPUBLICA\">AVISO P\u00daBLICO DE OFERTA DE ESPONSORIZACI\u00d3N PARA LA REALIZACI\u00d3N DE LA FIESTA DE LA REPUBLICA<\/a><\/h5>\n                            <p class=\"card-text\">La Embajada de Italia en Caracas abre el procedimiento de b\u00fasqueda de esponsorizaciones para la realizaci\u00f3n de la conmemoraci\u00f3n del aniversario de la Rep\u00fablica Italiana (\u00abFiesta de la Republica\u00bb) que se llevar\u00e1 a cabo el d\u00eda 2 de junio de 2026. Aviso Formulario<\/p>\n                                <a title=\"AVISO P\u00daBLICO DE OFERTA DE ESPONSORIZACI\u00d3N PARA LA REALIZACI\u00d3N DE LA FIESTA DE LA REPUBLICA\" class=\"read-more\" href=\"https:\/\/consmaracaibo.esteri.it\/es\/news\/dal_consolato\/2026\/05\/aviso-publico-de-oferta-de-esponsorizacion-para-la-realizacion-de-la-fiesta-de-la-republica\/\">\n                                    <span class=\"text\">Lee mas<\/span>\n                                    <svg class=\"icon\">\n                                    <use xlink:href=\"https:\/\/consmaracaibo.esteri.it\/wp-content\/themes\/sedi-tema\/assets\/svg\/sprites.svg#it-arrow-right\"><\/use>\n                                    <\/svg>\n                                <\/a>\n                                                    <\/div>\n                    <\/div>\n                <\/div>\n                <!--end card-->\n                <\/div><!-- col-12 .mt-3-->\n            \n            <div class=\"col-md-12 mt-4 pb-4\">\n                <nav class=\"navigation col-md-12\" aria-label=\"Navigation\">\n                    <h2 class=\"screen-reader-text visually-hidden\">Paginaci\u00f3n<\/h2>\n                    <div class=\"nav-links\">\n                    <span aria-current=\"page\" class=\"page-numbers current\">1<\/span>\n<a class=\"page-numbers\" href=\"https:\/\/consmaracaibo.esteri.it\/es\/wp-json\/wp\/v2\/pages\/146\/?pag=2\">2<\/a>\n<a class=\"page-numbers\" href=\"https:\/\/consmaracaibo.esteri.it\/es\/wp-json\/wp\/v2\/pages\/146\/?pag=3\">3<\/a>\n<span class=\"page-numbers dots\">&hellip;<\/span>\n<a class=\"page-numbers\" href=\"https:\/\/consmaracaibo.esteri.it\/es\/wp-json\/wp\/v2\/pages\/146\/?pag=5\">5<\/a>\n<a class=\"next page-numbers\" href=\"https:\/\/consmaracaibo.esteri.it\/es\/wp-json\/wp\/v2\/pages\/146\/?pag=2\"><svg class=\"icon icon-primary\"><use xlink:href=\"https:\/\/consmaracaibo.esteri.it\/wp-content\/themes\/sedi-tema\/assets\/svg\/sprites.svg#it-chevron-right\"><\/use><\/svg>\n                                    <span class=\"visually-hidden\">Siguiente p\u00e1gina<\/span><\/a>                    <\/div>\n                <\/nav>\n            <\/div>   <!--.col-md-12 -->\n              <\/div><!--.row -->\n              \n","protected":false},"excerpt":{"rendered":"","protected":false},"author":1,"featured_media":0,"parent":0,"menu_order":10,"comment_status":"closed","ping_status":"closed","template":"","meta":{"footnotes":""},"class_list":["post-146","page","type-page","status-publish","hentry"],"_links":{"self":[{"href":"https:\/\/consmaracaibo.esteri.it\/es\/wp-json\/wp\/v2\/pages\/146","targetHints":{"allow":["GET"]}}],"collection":[{"href":"https:\/\/consmaracaibo.esteri.it\/es\/wp-json\/wp\/v2\/pages"}],"about":[{"href":"https:\/\/consmaracaibo.esteri.it\/es\/wp-json\/wp\/v2\/types\/page"}],"author":[{"embeddable":true,"href":"https:\/\/consmaracaibo.esteri.it\/es\/wp-json\/wp\/v2\/users\/1"}],"replies":[{"embeddable":true,"href":"https:\/\/consmaracaibo.esteri.it\/es\/wp-json\/wp\/v2\/comments?post=146"}],"version-history":[{"count":1,"href":"https:\/\/consmaracaibo.esteri.it\/es\/wp-json\/wp\/v2\/pages\/146\/revisions"}],"predecessor-version":[{"id":150,"href":"https:\/\/consmaracaibo.esteri.it\/es\/wp-json\/wp\/v2\/pages\/146\/revisions\/150"}],"wp:attachment":[{"href":"https:\/\/consmaracaibo.esteri.it\/es\/wp-json\/wp\/v2\/media?parent=146"}],"curies":[{"name":"wp","href":"https:\/\/api.w.org\/{rel}","templated":true}]}}